{"id":108376,"date":"2026-04-17T13:22:14","date_gmt":"2026-04-17T11:22:14","guid":{"rendered":"https:\/\/www.trans-o-flex.com\/?page_id=108376"},"modified":"2026-04-17T13:22:14","modified_gmt":"2026-04-17T11:22:14","slug":"17-pharmaceutical-logistics-day","status":"publish","type":"page","link":"https:\/\/www.trans-o-flex.com\/en\/17-pharmaceutical-logistics-day\/","title":{"rendered":"17. Pharmaceutical Logistics Day"},"content":{"rendered":"<div class=\"wpb-content-wrapper\"><p>[vc_row][vc_column][dhsv_vc_intro mobile_image=&#8221;101022&#8243; hio=&#8221;true&#8221; htac=&#8221;true&#8221; decoration=&#8221;true&#8221;][\/dhsv_vc_intro][dhsv_vc_page_anchors layout=&#8221;overlayed&#8221; anchors=&#8221;%5B%7B%22text%22%3A%22Programm%22%2C%22section_id%22%3A%22programm%22%7D%2C%7B%22text%22%3A%22Referenten%22%2C%22section_id%22%3A%22referenten%22%7D%5D&#8221;][vc_empty_space height=&#8221;100px&#8221; mobile_height=&#8221;60px&#8221; tablet_height=&#8221;60px&#8221;][vc_column_text css=&#8221;&#8221;]<\/p>\n<h2><strong>Willkommen zum 17. Tag der Pharmalogistik 2026<\/strong><\/h2>\n<p>[\/vc_column_text][vc_empty_space height=&#8221;60px&#8221; mobile_height=&#8221;30px&#8221; tablet_height=&#8221;60px&#8221;][\/vc_column][\/vc_row][vc_row disable_element=&#8221;yes&#8221;][vc_column][vc_column_text css=&#8221;&#8221;]<\/p>\n<p class=\"big\">Wir freuen uns sehr, Sie auf der Tagung zu begr\u00fc\u00dfen. Dieser Tag bietet neben der M\u00f6glichkeit, zusammenzukommen, auch eine gute Gelegenheit, neue Kontakte zu kn\u00fcpfen und sich intensiv \u00fcber die aktuellen Logistik-Themen zu informieren.<\/p>\n<p class=\"big\">Wir haben ein spannendes Programm f\u00fcr Sie vorbereitet, das inspirierende Redner und Themen umfasst. Wir laden Sie herzlich dazu ein, sich voll und ganz auf dieses Event einzulassen, Ideen auszutauschen und die Gelegenheit zu nutzen, um sich pers\u00f6nlich mit den f\u00fcr Sie ausgew\u00e4hlten Themen vertraut zu machen. Wir sind \u00fcberzeugt, dass dieser Tag f\u00fcr Sie sowohl informativ als auch bereichernd sein wird!<\/p>\n<p>[\/vc_column_text][vc_empty_space height=&#8221;60px&#8221; mobile_height=&#8221;30px&#8221; tablet_height=&#8221;30px&#8221;][\/vc_column][\/vc_row][vc_row][vc_column][vc_column_text css=&#8221;&#8221;]<\/p>\n<p class=\"big\">Am 1. Oktober 2026 geht der trans-o-flex Tag der Pharmalogistik in die n\u00e4chste Runde. Auch in diesem Jahr haben die Teilnehmerinnen und Teilnehmer wieder die M\u00f6glichkeit, sich pers\u00f6nlich mit Expertinnen, Experten sowie Entscheiderinnen und Entscheidern intensiv u\u0308ber aktuelle Themen der Pharmalogistik auszutauschen. Nutzen Sie die Gelegenheit, Ihr Wissen zu vertiefen, neue Impulse zu gewinnen und Ihr berufliches Netzwerk zu erweitern.<\/p>\n<p>[\/vc_column_text][vc_empty_space height=&#8221;60px&#8221; mobile_height=&#8221;30px&#8221; tablet_height=&#8221;30px&#8221;][\/vc_column][\/vc_row][vc_row disable_element=&#8221;yes&#8221;][vc_column width=&#8221;2\/3&#8243;][vc_column_text css=&#8221;&#8221;]<\/p>\n<p class=\"big\">Auch in diesem Jahr war es uns eine gro\u00dfe Freude, gemeinsam mit unseren Kunden den Tag der Pharmalogistik zu gestalten. Der Tag zeichnete sich durch eine abwechslungsreiche Mischung aus spannenden Vortr\u00e4gen, intensiven Diskussionen in kleineren Fokusgruppen und der Vorstellung aktueller Ergebnisse der Apotheker-Studie <a href=\"https:\/\/www.trans-o-flex.com\/wp-content\/uploads\/Apotheker-Studie_Liefert-Mehrweg-wirklich-Mehrwert_trans-o-flex_SCL_Dr-Stefan-Hartmann.pdf\">\u201eLiefert Mehrweg wirklich einen Mehrwert?\u201c<\/a> aus. Diese Studie wurde im Auftrag von trans-o-flex mit Unterst\u00fctzung von Dr. Stefan Hartmann, Pr\u00e4sident des BVDAK (Bundesverband Deutscher Apothekenkooperationen e.V.), und unserem Partner <a href=\"https:\/\/smartcontainerloop.de\/\" target=\"_blank\" rel=\"noopener\">Smart Container Loop<\/a> (SCL) durchgef\u00fchrt. <a href=\"https:\/\/de.linkedin.com\/in\/lutzblankenfeldt\" target=\"_blank\" rel=\"noopener\">Lutz Blankenfeldt<\/a> <span data-teams=\"true\">moderierte den Tag und f\u00fchrte mit viel Gesp\u00fcr und Fachkenntnis durch das Programm.<\/span><\/p>\n<p class=\"big\">Im Laufe der Veranstaltung haben wir unser Gesch\u00e4ft im Kontext der immer schneller werdenden globalen Ver\u00e4nderungen aus unterschiedlichen Blickwinkeln \u2013 Wirtschaft, Versender und Empf\u00e4nger \u2013 reflektiert. Zusammen mit <a href=\"https:\/\/geodis.com\/de-de\" target=\"_blank\" rel=\"noopener\">GEODIS<\/a> und unserem Partner SCL wurden neue Konzepte, innovative L\u00f6sungen und Gesch\u00e4ftsmodelle vorgestellt und diskutiert.<\/p>\n<p class=\"big\">Die Veranstaltung bot zudem einen Einblick in unser neues Gesch\u00e4ftsfeld &#8220;Special Services&#8221; \u2013 entwickelt, um unseren Kunden L\u00f6sungen f\u00fcr komplexe und zeitkritische Anforderungen zu bieten. Weitere Informationen dazu finden Sie auf unserer Website: <a href=\"https:\/\/www.trans-o-flex.com\/en\/products\/special-services\/\">Zu Special Services<\/a>. Sie k\u00f6nnen aber auch gleich hier Ihre Anfrage dazu starten:<\/p>\n<p>[\/vc_column_text][vc_empty_space height=&#8221;15px&#8221; mobile_height=&#8221;15px&#8221; tablet_height=&#8221;15px&#8221;][dhsv_vc_button title=&#8221;Jetzt Bedarfsermittlung f\u00fcr Special Services starten&#8221; link=&#8221;url:https%3A%2F%2Fwww.trans-o-flex.com%2Fprodukte%2Fspecial-services%2F%23bedarfsermittlung&#8221; type=&#8221;primary&#8221; alignment=&#8221;left&#8221; icon=&#8221;icon&#8221;][vc_empty_space height=&#8221;60px&#8221; mobile_height=&#8221;30px&#8221; tablet_height=&#8221;30px&#8221;][\/vc_column][vc_column width=&#8221;1\/3&#8243;][dhsv_vc_image_slider slider=&#8221;%5B%7B%22image%22%3A%22101750%22%2C%22caption%22%3A%22Mit%20einem%20Gesp%C3%BCr%20f%C3%BCr%20Themen%20und%20Timing%20f%C3%BChrte%20Lutz%20Blankenfeldt%20durch%20das%20Programm%20des%2016.%20Tags%20der%20Pharmalogistik.%22%7D%2C%7B%22image%22%3A%22101754%22%2C%22caption%22%3A%22Philip%20Maximilian%20Br%C3%BChl%2C%20Gesch%C3%A4ftsf%C3%BChrer%20der%20An%C3%A4sthesie%20am%20Meer%20MVZ%20GmbH%2C%20und%20Eugen%20G%C3%BCnther%2C%20CSO%20von%20trans-o-flex%2C%20berichten%20%C3%BCber%20die%20erfolgreiche%20Zusammenarbeit.%20Sie%20heben%20hervor%2C%20welche%20spezifischen%20Dienstleistungen%20von%20trans-o-flex%20genutzt%20werden%20und%20warum%20diese%20Partnerschaft%20f%C3%BCr%20ihr%20Unternehmen%20wertvoll%20ist.%22%7D%2C%7B%22image%22%3A%22101760%22%2C%22caption%22%3A%22Impressionen%22%7D%2C%7B%22image%22%3A%22101756%22%2C%22caption%22%3A%22Auf%20dem%20Event%20stand%20ein%20trans-o-flex-Transporter%20f%C3%BCr%20aktive%20Temperaturf%C3%BChrung%20zur%20Besichtigung%20bereit.%22%7D%2C%7B%22image%22%3A%22101746%22%2C%22caption%22%3A%22In%20kleineren%20Fokusgruppen%20wurden%20spezielle%20Themen%20direkt%20angesprochen%20und%20diskutiert.%22%7D%2C%7B%22image%22%3A%22101758%22%2C%22caption%22%3A%22Impressionen%22%7D%2C%7B%22image%22%3A%22101748%22%2C%22caption%22%3A%22Alexander%20Spaeth%2C%20Transportation%20Manager%20bei%20Wella%2C%20und%20Eugen%20G%C3%BCnther%2C%20CSO%20von%20trans-o-flex%2C%20pr%C3%A4sentieren%20die%20Vorteile%20ihrer%20Zusammenarbeit.%20Sie%20teilen%20ihre%20positiven%20Erfahrungen%20und%20erl%C3%A4utern%2C%20welche%20logistischen%20L%C3%B6sungen%20von%20trans-o-flex%20besonders%20gesch%C3%A4tzt%20werden.%22%7D%5D&#8221; slides_per_page=&#8221;1&#8243;][\/vc_column][\/vc_row][vc_row disable_element=&#8221;yes&#8221;][vc_column][vc_column_text css=&#8221;&#8221;]<\/p>\n<p class=\"big\">Wir bedanken uns herzlich bei allen Teilnehmerinnen und Teilnehmern. Ihr Engagement hat den Tag lebendig und abwechslungsreich gemacht. Besonders gefreut hat uns das erste positive Feedback vor Ort, das best\u00e4tigt, dass die Themen und die Gestaltung gut angekommen sind. Das belegt auch die R\u00fcckmeldung \u00fcber unsere Feedbackb\u00f6gen. Demnach m\u00f6chten 96% unserer Kunden die Veranstaltung auch im kommenden Jahr besuchen.<\/p>\n<p class=\"big\">F\u00fcr alle, die nicht dabei sein konnten, haben wir hier noch einmal die <a href=\"https:\/\/www.trans-o-flex.com\/en\/16th-pharma-logistics-day\/#programm\">Agenda<\/a> und Informationen zu den\u00a0<a href=\"https:\/\/www.trans-o-flex.com\/en\/16th-pharma-logistics-day\/#referenten\">Rednern<\/a>\u00a0zusammengestellt. Sollten Sie Fragen haben, steht Ihnen selbstverst\u00e4ndlich Ihr Vertriebsansprechpartner gerne zur Verf\u00fcgung oder nutzen Sie folgendes <a href=\"https:\/\/www.trans-o-flex.com\/en\/contact-persons\/\">Kontaktformular<\/a>.<\/p>\n<p class=\"big\">Und f\u00fcr alle, die beim n\u00e4chsten Mal gerne (wieder) dabei sein m\u00f6chten: \u00dcber das hier weiter unten auf der Seite hinterlegte Formular k\u00f6nnen Sie uns Ihr Interesse f\u00fcr das kommende Jahr ganz einfach und unverbindlich mitteilen. Wir freuen uns schon jetzt auf den weiteren Austausch!<\/p>\n<p>[\/vc_column_text][vc_empty_space height=&#8221;60px&#8221; mobile_height=&#8221;30px&#8221; tablet_height=&#8221;30px&#8221;][vc_column_text css=&#8221;&#8221;]<\/p>\n<h2>Jetzt unverbindlich Interesse am 17. Tag der Pharmalogistik 2026 bekunden<\/h2>\n<p>&nbsp;<\/p>\n<p class=\"big\">F\u00fcllen Sie daf\u00fcr einfach folgendes Formular aus. Dies ist keine verbindliche Anmeldung, sondern lediglich eine Best\u00e4tigung Ihrer Interessenbekundung. Sobald die verbindliche Anmeldung startet bzw. weitere Informationen verf\u00fcgbar sind, werden wir Sie selbstverst\u00e4ndlich rechtzeitig informieren.<\/p>\n<p>[\/vc_column_text][vc_empty_space height=&#8221;60px&#8221; mobile_height=&#8221;30px&#8221; tablet_height=&#8221;30px&#8221;]<script>\nvar gform;gform||(document.addEventListener(\"gform_main_scripts_loaded\",function(){gform.scriptsLoaded=!0}),document.addEventListener(\"gform\/theme\/scripts_loaded\",function(){gform.themeScriptsLoaded=!0}),window.addEventListener(\"DOMContentLoaded\",function(){gform.domLoaded=!0}),gform={domLoaded:!1,scriptsLoaded:!1,themeScriptsLoaded:!1,isFormEditor:()=>\"function\"==typeof InitializeEditor,callIfLoaded:function(o){return!(!gform.domLoaded||!gform.scriptsLoaded||!gform.themeScriptsLoaded&&!gform.isFormEditor()||(gform.isFormEditor()&&console.warn(\"The use of gform.initializeOnLoaded() is deprecated in the form editor context and will be removed in Gravity Forms 3.1.\"),o(),0))},initializeOnLoaded:function(o){gform.callIfLoaded(o)||(document.addEventListener(\"gform_main_scripts_loaded\",()=>{gform.scriptsLoaded=!0,gform.callIfLoaded(o)}),document.addEventListener(\"gform\/theme\/scripts_loaded\",()=>{gform.themeScriptsLoaded=!0,gform.callIfLoaded(o)}),window.addEventListener(\"DOMContentLoaded\",()=>{gform.domLoaded=!0,gform.callIfLoaded(o)}))},hooks:{action:{},filter:{}},addAction:function(o,r,e,t){gform.addHook(\"action\",o,r,e,t)},addFilter:function(o,r,e,t){gform.addHook(\"filter\",o,r,e,t)},doAction:function(o){gform.doHook(\"action\",o,arguments)},applyFilters:function(o){return gform.doHook(\"filter\",o,arguments)},removeAction:function(o,r){gform.removeHook(\"action\",o,r)},removeFilter:function(o,r,e){gform.removeHook(\"filter\",o,r,e)},addHook:function(o,r,e,t,n){null==gform.hooks[o][r]&&(gform.hooks[o][r]=[]);var d=gform.hooks[o][r];null==n&&(n=r+\"_\"+d.length),gform.hooks[o][r].push({tag:n,callable:e,priority:t=null==t?10:t})},doHook:function(r,o,e){var t;if(e=Array.prototype.slice.call(e,1),null!=gform.hooks[r][o]&&((o=gform.hooks[r][o]).sort(function(o,r){return o.priority-r.priority}),o.forEach(function(o){\"function\"!=typeof(t=o.callable)&&(t=window[t]),\"action\"==r?t.apply(null,e):e[0]=t.apply(null,e)})),\"filter\"==r)return e[0]},removeHook:function(o,r,t,n){var e;null!=gform.hooks[o][r]&&(e=(e=gform.hooks[o][r]).filter(function(o,r,e){return!!(null!=n&&n!=o.tag||null!=t&&t!=o.priority)}),gform.hooks[o][r]=e)}});\n<\/script>\n\n                <div class='gf_browser_gecko gform_wrapper gform_legacy_markup_wrapper gform-theme--no-framework' data-form-theme='legacy' data-form-index='0' id='gform_wrapper_76' ><form method='post' enctype='multipart\/form-data'  id='gform_76'  action='\/en\/wp-json\/wp\/v2\/pages\/108376' data-formid='76' novalidate>\n                        <div class='gform-body gform_body'><ul id='gform_fields_76' class='gform_fields top_label form_sublabel_below description_below validation_below'><li id=\"field_76_55\" class=\"gfield gfield--type-html gfield--input-type-html gfield--width-full gfield_html gfield_html_formatted gfield_no_follows_desc field_sublabel_below gfield--no-description field_description_below field_validation_below gfield_visibility_visible gfield--html\"  data-field-class=\"gfield--html\" >*Mandatory field<\/li><li id=\"field_76_14\" class=\"gfield gfield--type-select gfield--input-type-select gfield_contains_required field_sublabel_below gfield--no-description field_description_below hidden_label field_validation_below gfield_visibility_visible gfield--select\"  data-field-class=\"gfield--select\" ><label class='gfield_label gform-field-label' for='input_76_14'>Address*<span class=\"gfield_required\"><span class=\"gfield_required gfield_required_asterisk\">*<\/span><\/span><\/label><div class='ginput_container ginput_container_select'><select name='input_14' id='input_76_14' class='medium gfield_select'    aria-required=\"true\" aria-invalid=\"false\" ><option value='' selected='selected' class='gf_placeholder'>Address<\/option><option value='Mr' >Mr<\/option><option value='Ms\/Mrs' >Ms\/Mrs<\/option><option value='Others' >Others<\/option><\/select><\/div><\/li><li id=\"field_76_20\" class=\"gfield gfield--type-text gfield--input-type-text field_sublabel_below gfield--no-description field_description_below field_validation_below gfield_visibility_visible gfield--text\"  data-field-class=\"gfield--text\" ><label class='gfield_label gform-field-label' for='input_76_20'>Academic title<\/label><div class='ginput_container ginput_container_text'><input name='input_20' id='input_76_20' type='text' value='' class='small'      aria-invalid=\"false\"   \/><\/div><\/li><li id=\"field_76_21\" class=\"gfield gfield--type-text gfield--input-type-text gfield_contains_required field_sublabel_below gfield--no-description field_description_below field_validation_below gfield_visibility_visible gfield--text\"  data-field-class=\"gfield--text\" ><label class='gfield_label gform-field-label' for='input_76_21'>First name<span class=\"gfield_required\"><span class=\"gfield_required gfield_required_asterisk\">*<\/span><\/span><\/label><div class='ginput_container ginput_container_text'><input name='input_21' id='input_76_21' type='text' value='' class='medium'     aria-required=\"true\" aria-invalid=\"false\"   \/><\/div><\/li><li id=\"field_76_23\" class=\"gfield gfield--type-text gfield--input-type-text gfield_contains_required field_sublabel_below gfield--no-description field_description_below field_validation_below gfield_visibility_visible gfield--text\"  data-field-class=\"gfield--text\" ><label class='gfield_label gform-field-label' for='input_76_23'>Surname<span class=\"gfield_required\"><span class=\"gfield_required gfield_required_asterisk\">*<\/span><\/span><\/label><div class='ginput_container ginput_container_text'><input name='input_23' id='input_76_23' type='text' value='' class='medium'     aria-required=\"true\" aria-invalid=\"false\"   \/><\/div><\/li><li id=\"field_76_22\" class=\"gfield gfield--type-text gfield--input-type-text gfield_contains_required field_sublabel_below gfield--no-description field_description_below field_validation_below gfield_visibility_visible gfield--text\"  data-field-class=\"gfield--text\" ><label class='gfield_label gform-field-label' for='input_76_22'>Function<span class=\"gfield_required\"><span class=\"gfield_required gfield_required_asterisk\">*<\/span><\/span><\/label><div class='ginput_container ginput_container_text'><input name='input_22' id='input_76_22' type='text' value='' class='medium'     aria-required=\"true\" aria-invalid=\"false\"   \/><\/div><\/li><li id=\"field_76_24\" class=\"gfield gfield--type-text gfield--input-type-text gfield_contains_required field_sublabel_below gfield--no-description field_description_below field_validation_below gfield_visibility_visible gfield--text\"  data-field-class=\"gfield--text\" ><label class='gfield_label gform-field-label' for='input_76_24'>Company<span class=\"gfield_required\"><span class=\"gfield_required gfield_required_asterisk\">*<\/span><\/span><\/label><div class='ginput_container ginput_container_text'><input name='input_24' id='input_76_24' type='text' value='' class='medium'     aria-required=\"true\" aria-invalid=\"false\"   \/><\/div><\/li><li id=\"field_76_25\" class=\"gfield gfield--type-text gfield--input-type-text gfield_contains_required field_sublabel_below gfield--no-description field_description_below field_validation_below gfield_visibility_visible gfield--text\"  data-field-class=\"gfield--text\" ><label class='gfield_label gform-field-label' for='input_76_25'>E-mail<span class=\"gfield_required\"><span class=\"gfield_required gfield_required_asterisk\">*<\/span><\/span><\/label><div class='ginput_container ginput_container_text'><input name='input_25' id='input_76_25' type='text' value='' class='medium'     aria-required=\"true\" aria-invalid=\"false\"   \/><\/div><\/li><li id=\"field_76_54\" class=\"gfield gfield--type-html gfield--input-type-html gfield_html gfield_html_formatted gfield_no_follows_desc field_sublabel_below gfield--no-description field_description_below field_validation_below gfield_visibility_visible gfield--html gfield--last\"  data-field-class=\"gfield--html gfield--last\" ><\/li><li id=\"field_76_19\" class=\"gfield gfield--type-consent gfield--type-choice gfield--input-type-consent gfield_contains_required field_sublabel_below gfield--no-description field_description_below field_validation_below gfield_visibility_visible gfield--consent\"  data-field-class=\"gfield--consent\" ><label class='gfield_label gform-field-label gfield_label_before_complex' >Agreement<span class=\"gfield_required\"><span class=\"gfield_required gfield_required_asterisk\">*<\/span><\/span><\/label><div class='ginput_container ginput_container_consent'><input name='input_19.1' id='input_76_19_1' type='checkbox' value='1'   aria-required=\"true\" aria-invalid=\"false\"   \/> <label class=\"gform-field-label gform-field-label--type-inline gfield_consent_label\" for='input_76_19_1' >I agree that my optional details may be used to process my request. I have read the <a href=\"https:\/\/www.trans-o-flex.com\/en\/data-protection\/\">data privacy statement.<\/a> My consent can be revoked at any time for the future.<\/label><input type='hidden' name='input_19.2' value='I agree that my optional details may be used to process my request. I have read the &lt;a href=&quot;https:\/\/www.trans-o-flex.com\/en\/data-protection\/&quot;&gt;data privacy statement.&lt;\/a&gt; My consent can be revoked at any time for the future.' class='gform_hidden' \/><input type='hidden' name='input_19.3' value='81' class='gform_hidden' \/><\/div><\/li><\/ul><\/div>\n        <div class='gform-footer gform_footer top_label'> <button class='btn btn-lg btn-primary gform_button' id='gform_submit_button_76'>Send<\/button> \n            <input type='hidden' class='gform_hidden' name='gform_submission_method' data-js='gform_submission_method_76' value='postback' \/>\n            <input type='hidden' class='gform_hidden' name='gform_theme' data-js='gform_theme_76' id='gform_theme_76' value='legacy' \/>\n            <input type='hidden' class='gform_hidden' name='gform_style_settings' data-js='gform_style_settings_76' id='gform_style_settings_76' value='[]' \/>\n            <input type='hidden' class='gform_hidden' name='is_submit_76' value='1' \/>\n            <input type='hidden' class='gform_hidden' name='gform_submit' value='76' \/>\n            \n            <input type='hidden' class='gform_hidden' name='gform_unique_id' value='' \/>\n            <input type='hidden' class='gform_hidden' name='state_76' value='WyJ7XCIxOS4xXCI6XCJmYWVmYTQ4YTI4NjVkOTVjYjY3YzVkZmNkMjQ1ZTMxM1wiLFwiMTkuMlwiOlwiMzA3MTlkODU3ZmU2ZTA5MjJkMWQ2OTBlMTI2MDMxNmZcIixcIjE5LjNcIjpcImJmYmJiZGYxODNlMzgwNjRkMDZjMmFmNGNiMGJmMTg5XCJ9IiwiY2UwYzJjZmQ0NzczY2E3MzlmZTgwNzZmYWUyZmJhYWEiXQ==' \/>\n            <input type='hidden' autocomplete='off' class='gform_hidden' name='gform_target_page_number_76' id='gform_target_page_number_76' value='0' \/>\n            <input type='hidden' autocomplete='off' class='gform_hidden' name='gform_source_page_number_76' id='gform_source_page_number_76' value='1' \/>\n            <input type='hidden' name='gform_field_values' value='' \/>\n            \n        <\/div>\n                        <\/form>\n                        <\/div><script>\ngform.initializeOnLoaded( function() {gformInitSpinner( 76, 'https:\/\/www.trans-o-flex.com\/wp-content\/plugins\/gravityforms\/images\/spinner.svg', true );jQuery('#gform_ajax_frame_76').on('load',function(){var contents = jQuery(this).contents().find('*').html();var is_postback = contents.indexOf('GF_AJAX_POSTBACK') >= 0;if(!is_postback){return;}var form_content = jQuery(this).contents().find('#gform_wrapper_76');var is_confirmation = jQuery(this).contents().find('#gform_confirmation_wrapper_76').length > 0;var is_redirect = contents.indexOf('gformRedirect(){') >= 0;var is_form = form_content.length > 0 && ! is_redirect && ! is_confirmation;var mt = parseInt(jQuery('html').css('margin-top'), 10) + parseInt(jQuery('body').css('margin-top'), 10) + 100;if(is_form){jQuery('#gform_wrapper_76').html(form_content.html());if(form_content.hasClass('gform_validation_error')){jQuery('#gform_wrapper_76').addClass('gform_validation_error');} else {jQuery('#gform_wrapper_76').removeClass('gform_validation_error');}setTimeout( function() { \/* delay the scroll by 50 milliseconds to fix a bug in chrome *\/  }, 50 );if(window['gformInitDatepicker']) {gformInitDatepicker();}if(window['gformInitPriceFields']) {gformInitPriceFields();}var current_page = jQuery('#gform_source_page_number_76').val();gformInitSpinner( 76, 'https:\/\/www.trans-o-flex.com\/wp-content\/plugins\/gravityforms\/images\/spinner.svg', true );jQuery(document).trigger('gform_page_loaded', [76, current_page]);window['gf_submitting_76'] = false;}else if(!is_redirect){var confirmation_content = jQuery(this).contents().find('.GF_AJAX_POSTBACK').html();if(!confirmation_content){confirmation_content = contents;}jQuery('#gform_wrapper_76').replaceWith(confirmation_content);jQuery(document).trigger('gform_confirmation_loaded', [76]);window['gf_submitting_76'] = false;wp.a11y.speak(jQuery('#gform_confirmation_message_76').text());}else{jQuery('#gform_76').append(contents);if(window['gformRedirect']) {gformRedirect();}}jQuery(document).trigger(\"gform_pre_post_render\", [{ formId: \"76\", currentPage: \"current_page\", abort: function() { this.preventDefault(); } }]);        if (event && event.defaultPrevented) {                return;        }        const gformWrapperDiv = document.getElementById( \"gform_wrapper_76\" );        if ( gformWrapperDiv ) {            const visibilitySpan = document.createElement( \"span\" );            visibilitySpan.id = \"gform_visibility_test_76\";            gformWrapperDiv.insertAdjacentElement( \"afterend\", visibilitySpan );        }        const visibilityTestDiv = document.getElementById( \"gform_visibility_test_76\" );        let postRenderFired = false;        function triggerPostRender() {            if ( postRenderFired ) {                return;            }            postRenderFired = true;            gform.core.triggerPostRenderEvents( 76, current_page );            if ( visibilityTestDiv ) {                visibilityTestDiv.parentNode.removeChild( visibilityTestDiv );            }        }        function debounce( func, wait, immediate ) {            var timeout;            return function() {                var context = this, args = arguments;                var later = function() {                    timeout = null;                    if ( !immediate ) func.apply( context, args );                };                var callNow = immediate && !timeout;                clearTimeout( timeout );                timeout = setTimeout( later, wait );                if ( callNow ) func.apply( context, args );            };        }        const debouncedTriggerPostRender = debounce( function() {            triggerPostRender();        }, 200 );        if ( visibilityTestDiv && visibilityTestDiv.offsetParent === null ) {            const observer = new MutationObserver( ( mutations ) => {                mutations.forEach( ( mutation ) => {                    if ( mutation.type === 'attributes' && visibilityTestDiv.offsetParent !== null ) {                        debouncedTriggerPostRender();                        observer.disconnect();                    }                });            });            observer.observe( document.body, {                attributes: true,                childList: false,                subtree: true,                attributeFilter: [ 'style', 'class' ],            });        } else {            triggerPostRender();        }    } );} );\n<\/script>\n[\/vc_column][\/vc_row][vc_row disable_element=&#8221;yes&#8221; el_id=&#8221;programm&#8221;][vc_column][vc_empty_space height=&#8221;100px&#8221; mobile_height=&#8221;30px&#8221; tablet_height=&#8221;60px&#8221;][vc_column_text]<\/p>\n<h2 class=\"big\"><span style=\"color: #f27e00;\">Programm<\/span><\/h2>\n<p>[\/vc_column_text][vc_empty_space height=&#8221;60px&#8221; mobile_height=&#8221;30px&#8221; tablet_height=&#8221;30px&#8221;][dhsv_vc_accordion_container][dhsv_vc_accordion_item title=&#8221;Agenda&#8221;][vc_row_inner][vc_column_inner width=&#8221;2\/12&#8243;][vc_column_text]<\/p>\n<p class=\"h3 h2\">09:30<\/p>\n<p>[\/vc_column_text][\/vc_column_inner][vc_column_inner width=&#8221;10\/12&#8243;][vc_column_text css=&#8221;&#8221;]<\/p>\n<p class=\"big\"><strong>Begr\u00fc\u00dfung<\/strong><br \/>\nLutz Blankenfeldt, Gesch\u00e4ftsbereichsleiter Strategie, Commercial Marketing trans-o-flex<\/p>\n<p>[\/vc_column_text][\/vc_column_inner][\/vc_row_inner][vc_row_inner][vc_column_inner][vc_separator][vc_empty_space height=&#8221;30px&#8221;][\/vc_column_inner][\/vc_row_inner][vc_row_inner][vc_column_inner width=&#8221;2\/12&#8243;][vc_column_text css=&#8221;&#8221;]<\/p>\n<p class=\"h3 h2\">09:35<\/p>\n<p>[\/vc_column_text][\/vc_column_inner][vc_column_inner width=&#8221;10\/12&#8243;][vc_column_text css=&#8221;&#8221;]<\/p>\n<p class=\"big\"><strong>Live Demo: Entdecken Sie Special Services I<\/strong><br \/>\nAnna Maria Cirimele, Bereichsleiterin Special Services trans-o-flex<\/p>\n<p>[\/vc_column_text][\/vc_column_inner][\/vc_row_inner][vc_separator][vc_empty_space height=&#8221;30px&#8221;][vc_row_inner][vc_column_inner width=&#8221;2\/12&#8243;][vc_column_text css=&#8221;&#8221;]<\/p>\n<p class=\"h3 h2\">09:45<\/p>\n<p>[\/vc_column_text][\/vc_column_inner][vc_column_inner width=&#8221;10\/12&#8243;][vc_column_text css=&#8221;&#8221;]<\/p>\n<p class=\"big\"><strong>Verbindung mit Vorsprung<br \/>\n<\/strong>Martin Reder, CEO trans-o-flex<\/p>\n<p>[\/vc_column_text][\/vc_column_inner][\/vc_row_inner][vc_separator][vc_empty_space height=&#8221;30px&#8221;][vc_row_inner][vc_column_inner width=&#8221;2\/12&#8243;][vc_column_text css=&#8221;&#8221;]<\/p>\n<p class=\"h3 h2\">10:15<\/p>\n<p>[\/vc_column_text][\/vc_column_inner][vc_column_inner width=&#8221;10\/12&#8243;][vc_column_text css=&#8221;&#8221;]<\/p>\n<p class=\"big\"><strong>Die globale wirtschaftliche Lage aus Sicht der Logistik<br \/>\n<\/strong>Andr\u00e9 Schwilden, Chief Commercial Officer EUROPE, GEODIS CL Germany <strong><br \/>\n<\/strong><\/p>\n<p>[\/vc_column_text][\/vc_column_inner][\/vc_row_inner][vc_separator][vc_empty_space height=&#8221;30px&#8221;][vc_row_inner][vc_column_inner width=&#8221;2\/12&#8243;][vc_column_text css=&#8221;&#8221;]<\/p>\n<p class=\"h3 h2\">10:45<\/p>\n<p>[\/vc_column_text][\/vc_column_inner][vc_column_inner width=&#8221;10\/12&#8243;][vc_column_text css=&#8221;&#8221;]<\/p>\n<p class=\"big\"><b><span data-ogsc=\"black\">Kaffeepause<\/span><\/b><\/p>\n<p>[\/vc_column_text][\/vc_column_inner][\/vc_row_inner][vc_separator][vc_empty_space height=&#8221;30px&#8221;][vc_row_inner][vc_column_inner width=&#8221;2\/12&#8243;][vc_column_text css=&#8221;&#8221;]<\/p>\n<p class=\"h3 h2\">11:15<\/p>\n<p>[\/vc_column_text][\/vc_column_inner][vc_column_inner width=&#8221;10\/12&#8243;][vc_column_text css=&#8221;&#8221;]<\/p>\n<p class=\"big\"><strong>Globale Synergien: Wert &amp; Innovation freisetzen<\/strong><br \/>\nEugen G\u00fcnther, CSO trans-o-flex \/ Christof Grzech, Regional Vertical Markets Director Pharma &amp; Healthcare, GEODIS CL Germany<\/p>\n<p>[\/vc_column_text][\/vc_column_inner][\/vc_row_inner][vc_separator][vc_empty_space height=&#8221;30px&#8221;][vc_row_inner][vc_column_inner width=&#8221;2\/12&#8243;][vc_column_text css=&#8221;&#8221;]<\/p>\n<p class=\"h3 h2\">11:45<\/p>\n<p>[\/vc_column_text][\/vc_column_inner][vc_column_inner width=&#8221;10\/12&#8243;][vc_column_text css=&#8221;&#8221;]<\/p>\n<p class=\"big\"><strong>Gespr\u00e4chsrunde: Fokusthema I<br \/>\n<\/strong>Teilnehmer in themenbezogenen Gruppen<\/p>\n<p>[\/vc_column_text][\/vc_column_inner][\/vc_row_inner][vc_separator][vc_empty_space height=&#8221;30px&#8221;][vc_row_inner][vc_column_inner width=&#8221;2\/12&#8243;][vc_column_text css=&#8221;&#8221;]<\/p>\n<p class=\"h3 h2\">12:15<\/p>\n<p>[\/vc_column_text][\/vc_column_inner][vc_column_inner width=&#8221;10\/12&#8243;][vc_column_text css=&#8221;&#8221;]<\/p>\n<p class=\"big\"><b>Mittagspause<\/b><\/p>\n<p>[\/vc_column_text][\/vc_column_inner][\/vc_row_inner][vc_separator][vc_empty_space height=&#8221;30px&#8221;][vc_row_inner][vc_column_inner width=&#8221;2\/12&#8243;][vc_column_text css=&#8221;&#8221;]<\/p>\n<p class=\"h3 h2\">13:30<\/p>\n<p>[\/vc_column_text][\/vc_column_inner][vc_column_inner width=&#8221;10\/12&#8243;][vc_column_text css=&#8221;&#8221;]<\/p>\n<p class=\"big\"><strong>Erfolgsgeschichten: Kunden im Fokus<br \/>\n<\/strong>Eugen G\u00fcnther, CSO trans-o-flex &amp; Kunden<\/p>\n<p>[\/vc_column_text][\/vc_column_inner][\/vc_row_inner][vc_separator][vc_empty_space height=&#8221;30px&#8221;][vc_row_inner][vc_column_inner width=&#8221;2\/12&#8243;][vc_column_text css=&#8221;&#8221;]<\/p>\n<p class=\"h3 h2\">14:30<\/p>\n<p>[\/vc_column_text][\/vc_column_inner][vc_column_inner width=&#8221;10\/12&#8243;][vc_column_text css=&#8221;&#8221;]<\/p>\n<p class=\"big\"><strong>Gespr\u00e4chsrunde: Fokusthema II<br \/>\n<\/strong>Teilnehmer in themenbezogenen Gruppen<\/p>\n<p>[\/vc_column_text][\/vc_column_inner][\/vc_row_inner][vc_separator][vc_empty_space height=&#8221;30px&#8221;][vc_row_inner][vc_column_inner width=&#8221;2\/12&#8243;][vc_column_text css=&#8221;&#8221;]<\/p>\n<p class=\"h3 h2\">15:00<\/p>\n<p>[\/vc_column_text][\/vc_column_inner][vc_column_inner width=&#8221;10\/12&#8243;][vc_column_text css=&#8221;&#8221;]<\/p>\n<p class=\"big\"><b>Kaffeepause<\/b><\/p>\n<p>[\/vc_column_text][\/vc_column_inner][\/vc_row_inner][vc_separator][vc_empty_space height=&#8221;30px&#8221;][vc_row_inner][vc_column_inner width=&#8221;2\/12&#8243;][vc_column_text css=&#8221;&#8221;]<\/p>\n<p class=\"h3 h2\">15:30<\/p>\n<p>[\/vc_column_text][\/vc_column_inner][vc_column_inner width=&#8221;10\/12&#8243;][vc_column_text css=&#8221;&#8221;]<\/p>\n<p class=\"big\"><strong>Impulse aus der Apotheke:<\/strong><strong> Liefert Mehrweg wirklich einen Mehrwert?<br \/>\n<\/strong>Dr. Stefan Hartmann, Pr\u00e4sident BVDAK (Bundesverband Deutscher Apothekenkooperationen e.V.)<\/p>\n<p>[\/vc_column_text][\/vc_column_inner][\/vc_row_inner][vc_separator][vc_empty_space height=&#8221;30px&#8221;][vc_row_inner][vc_column_inner width=&#8221;2\/12&#8243;][vc_column_text css=&#8221;&#8221;]<\/p>\n<p class=\"h3 h2\">16:00<\/p>\n<p>[\/vc_column_text][\/vc_column_inner][vc_column_inner width=&#8221;10\/12&#8243;][vc_column_text css=&#8221;&#8221;]<\/p>\n<p class=\"big\"><strong>Live Demo: Entdecken Sie Special Services II<br \/>\n<\/strong>Anna Maria Cirimele, Bereichsleiterin Special Services trans-o-flex<strong><br \/>\n<\/strong><\/p>\n<p>[\/vc_column_text][\/vc_column_inner][\/vc_row_inner][vc_separator][vc_empty_space height=&#8221;30px&#8221;][vc_row_inner][vc_column_inner width=&#8221;2\/12&#8243;][vc_column_text css=&#8221;&#8221;]<\/p>\n<p class=\"h3 h2\">16:15<\/p>\n<p>[\/vc_column_text][\/vc_column_inner][vc_column_inner width=&#8221;10\/12&#8243;][vc_column_text css=&#8221;&#8221;]<\/p>\n<p class=\"big\"><strong>Zusammenfassung \/ Highlights der Gespr\u00e4chsrunden<br \/>\n<\/strong>Eugen G\u00fcnther, CSO trans-o-flex \/ Michael L\u00f6ckener, COO trans-o-flex \/ Fachansprechpartner der Gespr\u00e4chsrunden<\/p>\n<p>[\/vc_column_text][\/vc_column_inner][\/vc_row_inner][vc_separator][vc_empty_space height=&#8221;30px&#8221;][vc_row_inner][vc_column_inner width=&#8221;2\/12&#8243;][vc_column_text css=&#8221;&#8221;]<\/p>\n<p class=\"h3 h2\">16:35<\/p>\n<p>[\/vc_column_text][\/vc_column_inner][vc_column_inner width=&#8221;10\/12&#8243;][vc_column_text css=&#8221;&#8221;]<\/p>\n<p class=\"big\"><b>Stay together<br \/>\n<\/b>Herzliche Einladung!<\/p>\n<p>[\/vc_column_text][\/vc_column_inner][\/vc_row_inner][vc_separator][vc_empty_space height=&#8221;30px&#8221;][vc_row_inner][vc_column_inner width=&#8221;2\/12&#8243;][vc_column_text css=&#8221;&#8221;]<\/p>\n<p class=\"h3 h2\">18:00<\/p>\n<p>[\/vc_column_text][\/vc_column_inner][vc_column_inner width=&#8221;10\/12&#8243;][vc_column_text css=&#8221;&#8221;]<\/p>\n<p class=\"big\"><b>Ende<\/b><\/p>\n<p>[\/vc_column_text][\/vc_column_inner][\/vc_row_inner][\/dhsv_vc_accordion_item][\/dhsv_vc_accordion_container][vc_empty_space height=&#8221;100px&#8221; mobile_height=&#8221;60px&#8221; tablet_height=&#8221;60px&#8221;][\/vc_column][\/vc_row][vc_row disable_element=&#8221;yes&#8221; el_id=&#8221;referenten&#8221;][vc_column][vc_empty_space height=&#8221;100px&#8221; mobile_height=&#8221;30px&#8221; tablet_height=&#8221;60px&#8221;][vc_row_inner][vc_column_inner][vc_column_text]<\/p>\n<h2 class=\"big\"><span style=\"color: #f27e00;\">Referenten<\/span><\/h2>\n<p>[\/vc_column_text][\/vc_column_inner][\/vc_row_inner][vc_empty_space height=&#8221;60px&#8221; mobile_height=&#8221;30px&#8221; tablet_height=&#8221;30px&#8221;][dhsv_vc_accordion_container][dhsv_vc_accordion_item title=&#8221;Martin Reder&#8221;][vc_row_inner][vc_column_inner width=&#8221;1\/4&#8243;][vc_single_image image=&#8221;20918&#8243; img_size=&#8221;full&#8221;][\/vc_column_inner][vc_column_inner width=&#8221;3\/4&#8243;][vc_column_text css=&#8221;&#8221;]<\/p>\n<p class=\"big\"><b>Martin Reder<br \/>\n<\/b>Vorsitzender der Gesch\u00e4ftsf\u00fchrung (CEO)<br \/>\ntrans-o-flex Express GmbH &amp; Co. KGaA<\/p>\n<p>&nbsp;<\/p>\n<p class=\"big\">ist seit Februar 2024 Vorsitzender der Gesch\u00e4ftsf\u00fchrung (CEO). Er bringt mehr als drei Jahrzehnte Erfahrung in den Bereichen Operations, Vertrieb, Customer Service und Produktmanagement bei den Expressdiensten TNT und Fedex mit. Zuletzt war er seit 2017 bei Fedex Express Deutschland als Managing Director Special Services f\u00fcr Nord-, Zentral- und Osteuropa in mehr als 20 L\u00e4ndern verantwortlich. Vorher hatte der gelernte Speditionskaufmann zahlreiche F\u00fchrungsaufgaben in der TNT-Organisation inne. So war er unter anderem Gesch\u00e4ftsf\u00fchrer der TNT Mehrwertlogistik (Hochverf\u00fcgbarkeitslogistik) und hatte Produktverantwortung f\u00fcr den Same-Day-Service \u201eTNT HEUTE\u201c. Zudem hat er spezielle Logistikl\u00f6sungen f\u00fcr die Gesundheits- und Pharmabranche sowie Medien und Rennsport entwickelt. Als Chief Operating Officer war er f\u00fcr alle 31 Niederlassungen von TNT Express Deutschland mit rund 3.500 Mitarbeitern verantwortlich.<\/p>\n<p>[\/vc_column_text][\/vc_column_inner][\/vc_row_inner][\/dhsv_vc_accordion_item][dhsv_vc_accordion_item title=&#8221;Eugen G\u00fcnther&#8221;][vc_row_inner][vc_column_inner width=&#8221;1\/4&#8243;][vc_single_image image=&#8221;101510&#8243; img_size=&#8221;full&#8221; css=&#8221;&#8221;][\/vc_column_inner][vc_column_inner width=&#8221;3\/4&#8243;][vc_column_text css=&#8221;&#8221;]<\/p>\n<p class=\"big\"><b>Eugen G\u00fcnther<br \/>\n<\/b>Gesch\u00e4ftsf\u00fchrer Vertrieb (CSO)<br \/>\ntrans-o-flex Express GmbH &amp; Co. KGaA<\/p>\n<p class=\"big\">ist seit November 2021 Gesch\u00e4ftsf\u00fchrer Vertrieb (CSO) bei trans-o-flex und seit Mai 2022 Sprecher der Gesch\u00e4ftsf\u00fchrung bei der trans-o-flex ThermoMed Austria GmbH, wo der Kaufmann f\u00fcr Gro\u00df- und Au\u00dfenhandel konsequent Karriere machte. 2010 startete er im Vertriebsau\u00dfendienst, 2014 wechselte er ins Key Account Management, 2015 wurde er Regionalvertriebsleiter f\u00fcr S\u00fcdwestdeutschland. 2016 \u00fcbernahm er \u2013 zun\u00e4chst kommissarisch \u2013 die Leitung des Gesch\u00e4ftsbereichs Vertrieb. 2019 wurde ihm diese Aufgabe dauerhaft \u00fcbertragen. Vor trans-o-flex hat G\u00fcnther mehrere Jahre bei TNT Express sowie bei einem Unternehmen der Healthcare-Branche ebenfalls im Verkauf gearbeitet.<\/p>\n<p>[\/vc_column_text][\/vc_column_inner][\/vc_row_inner][\/dhsv_vc_accordion_item][dhsv_vc_accordion_item title=&#8221;Michael L\u00f6ckener&#8221;][vc_row_inner][vc_column_inner width=&#8221;1\/4&#8243;][vc_single_image image=&#8221;101513&#8243; img_size=&#8221;full&#8221; css=&#8221;&#8221;][\/vc_column_inner][vc_column_inner width=&#8221;3\/4&#8243;][vc_column_text css=&#8221;&#8221;]<\/p>\n<p class=\"big\"><b>Michael L\u00f6ckener<br \/>\n<\/b>Gesch\u00e4ftsf\u00fchrer Operations (COO)<br \/>\ntrans-o-flex Express GmbH &amp; Co. KGaA<\/p>\n<p class=\"big\">ist seit August 2024 Gesch\u00e4ftsf\u00fchrer Operations (COO) von trans-o-flex. Der Speditionskaufmann und Verkehrsfachwirt startete bei trans-o-flex Express bereits 2015 zun\u00e4chst als Regionalleiter Operations Nord. Im Juli 2018 \u00fcbernahm er die Gesch\u00e4ftsf\u00fchrung der trans-o-flex ThermoMed GmbH. Seit April 2019 ist er zus\u00e4tzlich Gesch\u00e4ftsf\u00fchrer der auf Schulungen und Trainings spezialisierten trans-o-flex Training &amp; Service GmbH. Dar\u00fcber hinaus war er ab Januar 2022 bis zu seiner Berufung als COO als Gesch\u00e4ftsbereichsleiter Operations f\u00fcr das operative Tagesgesch\u00e4ft der trans-o-flex Express GmbH &amp; Co. KGaA verantwortlich. L\u00f6ckener bringt f\u00fcr seine Aufgaben bei trans-o-flex jahrzehntelange Logistik-Erfahrung in der KEP-Branche mit. So war er in verschiedenen Funktionen bei den Logistikdienstleistern Fiege, TNT und GLS t\u00e4tig.<\/p>\n<p>[\/vc_column_text][\/vc_column_inner][\/vc_row_inner][\/dhsv_vc_accordion_item][dhsv_vc_accordion_item title=&#8221;Anna Maria Cirimele&#8221;][vc_row_inner][vc_column_inner width=&#8221;1\/4&#8243;][vc_single_image image=&#8221;101515&#8243; img_size=&#8221;full&#8221; css=&#8221;&#8221;][\/vc_column_inner][vc_column_inner width=&#8221;3\/4&#8243;][vc_column_text css=&#8221;&#8221;]<\/p>\n<p class=\"big\"><b>Anna Maria Cirimele<br \/>\n<\/b>Bereichsleitung Special Services<br \/>\ntrans-o-flex Express GmbH &amp; Co. KGaA<\/p>\n<p class=\"big\"><span class=\"TextRun SCXW123491013 BCX0\" lang=\"DE-DE\" xml:lang=\"DE-DE\" data-contrast=\"auto\"><span class=\"NormalTextRun SCXW123491013 BCX0\">ist seit Januar 2024 bei trans-o-flex express und leitet den bei der <\/span><span class=\"NormalTextRun SpellingErrorV2Themed SCXW123491013 BCX0\">tof<\/span><span class=\"NormalTextRun SCXW123491013 BCX0\"> neuen Bereich Special Services. Sie ist f\u00fcr den Aufbau und die Implementierung der Prozesse verantwortlich. Nach einer internen Umstrukturierung \u00fcbernahm sie Ende Q1 2024 zus\u00e4tzlich den Bereich Amazon Special Service. Ihre Qualifikation als NLP-<\/span><span class=\"NormalTextRun SpellingErrorV2Themed SCXW123491013 BCX0\">Practitioner<\/span><span class=\"NormalTextRun SCXW123491013 BCX0\"> wird dazu beitragen den Bereich effizienter zu gestalten. Ihre berufliche Laufbahn begann 2009 bei TNT Express, wo sie nach ihrer Ausbildung zur Kauffrau f\u00fcr Spedition und Logistik als Verk\u00e4uferin im Innendienst arbeitete. Parallel dazu studierte sie berufsbegleitend BWL mit Schwerpunkt Logistik. 2010 wechselte sie intern in den Bereich Special Services und \u00fcbernahm sp\u00e4ter die Teamleitung. Nach einem erfolgreichen Projekt erhielt sie ein Angebot, Teil des neuen Customer <\/span><span class=\"NormalTextRun SpellingErrorV2Themed SCXW123491013 BCX0\">Logistics<\/span><span class=\"NormalTextRun SCXW123491013 BCX0\"> Management Teams bei TNT Express in Troisdorf zu werden. Als Customer <\/span><span class=\"NormalTextRun SpellingErrorV2Themed SCXW123491013 BCX0\">Logistics<\/span><span class=\"NormalTextRun SCXW123491013 BCX0\"> Manager f\u00fcr die DACH-Region widmete sie sich bis Ende 2023 der L\u00f6sung struktureller Probleme der Top-Kunden von FedEx\/TNT.<\/span><\/span><span class=\"EOP SCXW123491013 BCX0\" data-ccp-props=\"{}\">\u00a0<\/span><\/p>\n<p>[\/vc_column_text][\/vc_column_inner][\/vc_row_inner][\/dhsv_vc_accordion_item][dhsv_vc_accordion_item title=&#8221;Andr\u00e9 Schwilden&#8221;][vc_row_inner][vc_column_inner width=&#8221;1\/4&#8243;][vc_single_image image=&#8221;101518&#8243; img_size=&#8221;full&#8221; css=&#8221;&#8221;][\/vc_column_inner][vc_column_inner width=&#8221;3\/4&#8243;][vc_column_text css=&#8221;&#8221;]<\/p>\n<p class=\"big\"><b><span data-contrast=\"auto\">Andr\u00e9 Schwilden<\/span><\/b><span data-ccp-props=\"{&quot;201341983&quot;:0,&quot;335559739&quot;:0,&quot;335559740&quot;:240}\"><br \/>\n<\/span>Chief Commercial Officer Europe<br \/>\nGEODIS CL Germany GmbH<\/p>\n<p class=\"big\"><span class=\"TextRun SCXW123491013 BCX0\" lang=\"DE-DE\" xml:lang=\"DE-DE\" data-contrast=\"auto\"><span class=\"NormalTextRun SCXW123491013 BCX0\">bekleidet s<\/span><\/span><span data-contrast=\"auto\">eit dem 1. April 2024 die Position des Chief Commercial Officer f\u00fcr die Region EUROPA bei GEODIS. In dieser Funktion ist er verantwortlich f\u00fcr alle Vertriebs- und Gesch\u00e4ftsentwicklungsaktivit\u00e4ten sowie f\u00fcr Marketing, Kommunikation und das Key-Account-Management in den Logistikbereichen Luft- und Seefracht, Contract Logistics sowie Distribution &amp; Express.<\/span><span data-ccp-props=\"{}\">\u00a0<\/span><\/p>\n<p class=\"big\"><span data-contrast=\"auto\">Nach seinem erfolgreichen Studium der Betriebswirtschaftslehre begann Andr\u00e9 Schwilden 2004 seine berufliche Laufbahn bei DB Schenker als Key Account Manager im Bereich Automotive Landverkehr in Frankfurt. Im Jahr 2007 wechselte er zu Hermes nach Hamburg, wo er als Leiter des Key-Account-Managements und Head of Business Development f\u00fcr den Bereich Transportlogistik t\u00e4tig war. W\u00e4hrend seiner Zeit bei Hermes erwarb er zudem berufsbegleitend einen MBA in Strategischem Management. Von 2014 bis 2017 war er Mitglied der Gesch\u00e4ftsleitung bei APL Logistics in Hamburg und \u00fcbernahm die vertriebliche Verantwortung in Deutschland mit einem Fokus auf globale Frachtl\u00f6sungen. Im Jahr 2018 kehrte er zu DB Schenker zur\u00fcck und bekleidete verschiedene Managementpositionen, darunter als Vertical Market Director Industrial Europe und als CCO f\u00fcr das Cluster S\u00fcdosteuropa mit Sitz in Wien. Zuletzt war er vor seinem Wechsel zu GEODIS als Vice President \u2013 Head of Land Sales Europe t\u00e4tig.<\/span><span data-ccp-props=\"{}\">\u00a0<\/span><\/p>\n<p>[\/vc_column_text][\/vc_column_inner][\/vc_row_inner][\/dhsv_vc_accordion_item][dhsv_vc_accordion_item title=&#8221;Christof Grzech&#8221;][vc_row_inner][vc_column_inner width=&#8221;1\/4&#8243;][vc_single_image image=&#8221;101521&#8243; img_size=&#8221;full&#8221; css=&#8221;&#8221;][\/vc_column_inner][vc_column_inner width=&#8221;3\/4&#8243;][vc_column_text css=&#8221;&#8221;]<\/p>\n<p class=\"big\"><strong>Christof Grzech<\/strong><span data-ccp-props=\"{}\"><strong>\u00a0<\/strong><br \/>\n<\/span><span data-contrast=\"auto\">Direktor f\u00fcr vertikale M\u00e4rkte Pharma &amp; Healthcare<\/span><span data-ccp-props=\"{}\"><br \/>\n<\/span><span data-contrast=\"auto\">GEODIS EUROPE &#8211; REGIONAL HEAD OFFICE<\/span><span data-ccp-props=\"{}\">\u00a0<\/span><\/p>\n<p class=\"big\"><span class=\"TextRun SCXW44848202 BCX0\" lang=\"DE-DE\" xml:lang=\"DE-DE\" data-contrast=\"auto\"><span class=\"NormalTextRun SCXW44848202 BCX0\">ist ein erfahrener Logistik- und Supply-Chain-Experte mit \u00fcber 20 Jahren internationaler Berufserfahrung in der Pharma- und <\/span><span class=\"NormalTextRun SpellingErrorV2Themed SCXW44848202 BCX0\">Healthcare<\/span><span class=\"NormalTextRun SCXW44848202 BCX0\">-Branche. Seine Laufbahn begann mit einer medizinischen Grundausbildung, gefolgt von einer Ausbildung zum Speditionskaufmann sowie einem betriebswirtschaftlichen Studium mit Schwerpunkt auf International Management, Distribution und Logistik. In leitenden Positionen bei FedEx, DHL und Panalpina verantwortete er globale Vertriebsstrategien, entwickelte GDP-konforme Transportl\u00f6sungen und leitete internationale Teams mit einem Umsatzvolumen von \u00fcber 200 Mio. Euro. Sein Fachwissen umfasst die gesamte Lieferkette \u2013 von temperaturgef\u00fchrten Transporten \u00fcber Verpackungsberatung bis hin zu Trade-Compliance und Risikomanagement. Christof begleitete die Entwicklung und den Betrieb von Pharmal\u00e4gern, f\u00fchrte komplexe Projekte wie die Einrichtung eines GDP-Hubs und die Optimierung von Distributionszentren durch und erzielte signifikante Kosteneinsparungen. Als zertifizierter GDP- und ISO13485-Berater sowie Lean &amp; Six Sigma Champion bringt er tiefgreifende Branchenkenntnisse und strategisches Denken in die Gestaltung effizienter, sicherer und nachhaltiger <\/span><span class=\"NormalTextRun SpellingErrorV2Themed SCXW44848202 BCX0\">Healthcare<\/span><span class=\"NormalTextRun SCXW44848202 BCX0\">-Logistikl\u00f6sungen ein.<\/span><\/span><span class=\"EOP SCXW44848202 BCX0\" data-ccp-props=\"{}\">\u00a0<\/span><\/p>\n<p>[\/vc_column_text][\/vc_column_inner][\/vc_row_inner][\/dhsv_vc_accordion_item][dhsv_vc_accordion_item title=&#8221;Dr. Stefan Hartmann&#8221;][vc_row_inner][vc_column_inner width=&#8221;1\/4&#8243;][vc_single_image image=&#8221;101523&#8243; img_size=&#8221;full&#8221; css=&#8221;&#8221;][\/vc_column_inner][vc_column_inner width=&#8221;3\/4&#8243;][vc_column_text css=&#8221;&#8221;]<\/p>\n<p class=\"big\"><strong>Dr. Stefan Hartmann<\/strong><span data-ccp-props=\"{}\"><strong>\u00a0<\/strong><br \/>\n<\/span><span data-contrast=\"auto\">Apotheker in 5. Generation<\/span><span data-ccp-props=\"{}\"><br \/>\n<\/span>Gr\u00fcnder <span class=\"NormalTextRun SpellingErrorV2Themed SCXW164017265 BCX0\">VitaPlus<\/span><span class=\"NormalTextRun SCXW164017265 BCX0\"> GmbH<\/span><\/p>\n<p class=\"big\"><span data-contrast=\"auto\">ist Apotheker in f\u00fcnfter Generation. Zuvor lernte er Bankkaufmann bei der Deutschen Bank AG und sammelte bereits w\u00e4hrend des Studiums Berufserfahrung in der pharmazeutischen Industrie. Nach seiner Promotion im Jahr 1993 verbrachte er einen Forschungsaufenthalt am Medical Center der University of California, San Francisco (USA).<\/span><span data-ccp-props=\"{}\"><br \/>\n<\/span><span data-contrast=\"auto\">1996 \u00fcbernahm Dr. Hartmann die gro\u00dfv\u00e4terliche St. Vitus Apotheke und gr\u00fcndete im Januar 2004 die VitaPlus Apotheke als Filialapotheke. Er gilt als einer der Pioniere der Filialisierung im Apothekenmarkt und betrieb \u00fcber 20 Jahre vier Apotheken. Anfang 2007 gr\u00fcndete er die VitaPlus AG, die f\u00fcr ein Netzwerk von inhabergef\u00fchrten Apotheken ausgelagerte Leistungsbereiche wie Konditionsvereinbarungen und den Abschluss von Liefervertr\u00e4gen mit Gro\u00dfh\u00e4ndlern und weiteren Marktteilnehmern \u00fcbernimmt. Im Jahr 2023 wurde die VitaPlus AG in die VitaPlus GmbH \u00fcberf\u00fchrt.<\/span><span data-ccp-props=\"{}\"><br \/>\n<\/span><span data-contrast=\"auto\">Im Jahr 2008 initiierte Dr. Hartmann die Gr\u00fcndungsversammlung des Bundesverbandes Deutscher Apothekenkooperationen e.V., dessen 1. Vorsitzender er seitdem ist. Der BVDAK e.V. setzt sich f\u00fcr den Erhalt und f\u00fcr die Weiterentwicklung der in Apothekenkooperationen organisierten inhabergef\u00fchrten Apotheken in vernetzter Form ein. Der BVDAK gestaltet Gesetzesinitiativen aktiv mit.<\/span><span data-ccp-props=\"{}\"><br \/>\n<\/span><span data-contrast=\"auto\">2012 erfolgte die Gr\u00fcndung der MAVI Apotheken Institut AG, die hochkar\u00e4tige Kongresse im Apotheken- und Pharmamarkt veranstaltet sowie Beratungen durchf\u00fchrt.<\/span><br \/>\n<span data-contrast=\"auto\">Dr. Stefan Hartmann besch\u00e4ftigt heute ca. 80 Mitarbeiter. Seine Frau und seine Kinder arbeiten in den Betrieben mit.<\/span><span data-ccp-props=\"{}\">\u00a0<\/span><\/p>\n<p>[\/vc_column_text][\/vc_column_inner][\/vc_row_inner][\/dhsv_vc_accordion_item][\/dhsv_vc_accordion_container][vc_empty_space height=&#8221;100px&#8221; mobile_height=&#8221;30px&#8221; tablet_height=&#8221;60px&#8221;][\/vc_column][\/vc_row][vc_row disable_element=&#8221;yes&#8221; el_id=&#8221;ansprechpartnerfokusthemen&#8221;][vc_column][vc_row_inner][vc_column_inner][vc_column_text]<\/p>\n<h2 class=\"big\"><span style=\"color: #f27e00;\">Ansprechpartner Fokusthemen<\/span><\/h2>\n<p>[\/vc_column_text][\/vc_column_inner][\/vc_row_inner][vc_empty_space height=&#8221;60px&#8221; mobile_height=&#8221;30px&#8221; tablet_height=&#8221;30px&#8221;][dhsv_vc_accordion_container][dhsv_vc_accordion_item title=&#8221;Customer Service&#8221;][vc_row_inner][vc_column_inner width=&#8221;1\/4&#8243;][vc_single_image image=&#8221;20926&#8243; img_size=&#8221;full&#8221;][vc_column_text]Jutta Roller, Bereichsleiterin Customer Service[\/vc_column_text][\/vc_column_inner][vc_column_inner width=&#8221;1\/4&#8243;][vc_single_image img_size=&#8221;full&#8221; css=&#8221;&#8221;][vc_column_text css=&#8221;&#8221;]Nicole Simula, Customer Service, Prozess &amp; Projekt Spezialist[\/vc_column_text][\/vc_column_inner][vc_column_inner width=&#8221;1\/4&#8243;][vc_single_image img_size=&#8221;full&#8221; css=&#8221;&#8221;][vc_column_text css=&#8221;&#8221;]Karlheinz Ewald, Customer Service Manager[\/vc_column_text][\/vc_column_inner][vc_column_inner width=&#8221;1\/4&#8243;][vc_single_image img_size=&#8221;full&#8221; css=&#8221;&#8221;][vc_column_text css=&#8221;&#8221;]Alexander Reupke, Process &amp; Review Manager[\/vc_column_text][\/vc_column_inner][\/vc_row_inner][\/dhsv_vc_accordion_item][dhsv_vc_accordion_item title=&#8221;ESG&#8221;][vc_row_inner][vc_column_inner width=&#8221;1\/4&#8243;][vc_single_image img_size=&#8221;full&#8221; css=&#8221;&#8221;][vc_column_text css=&#8221;&#8221;]Nils Winter, Nachhaltigkeitsmanager ESG[\/vc_column_text][\/vc_column_inner][vc_column_inner width=&#8221;1\/4&#8243;][vc_single_image img_size=&#8221;full&#8221; css=&#8221;&#8221;][vc_column_text css=&#8221;&#8221;]Tiana Schmidt, Nachhaltigkeitsmanagerin ESG[\/vc_column_text][\/vc_column_inner][vc_column_inner width=&#8221;1\/4&#8243;][vc_single_image img_size=&#8221;full&#8221; css=&#8221;&#8221;][vc_column_text css=&#8221;&#8221;]Marius Heinrich, Energie- und Ressourcenmanager ESG[\/vc_column_text][\/vc_column_inner][vc_column_inner width=&#8221;1\/4&#8243;][\/vc_column_inner][\/vc_row_inner][\/dhsv_vc_accordion_item][dhsv_vc_accordion_item title=&#8221;Spedition&#8221;][vc_row_inner][vc_column_inner width=&#8221;1\/4&#8243;][vc_single_image img_size=&#8221;full&#8221; css=&#8221;&#8221;][vc_column_text css=&#8221;&#8221;]Michael Zorell, Bereichsleiter Linienverkehr[\/vc_column_text][\/vc_column_inner][vc_column_inner width=&#8221;1\/4&#8243;][vc_single_image img_size=&#8221;full&#8221;][vc_column_text css=&#8221;&#8221;]Oleg Nikolajew, Abteilungsleiter Spedition Linie[\/vc_column_text][\/vc_column_inner][vc_column_inner width=&#8221;1\/4&#8243;][\/vc_column_inner][vc_column_inner width=&#8221;1\/4&#8243;][\/vc_column_inner][\/vc_row_inner][\/dhsv_vc_accordion_item][dhsv_vc_accordion_item title=&#8221;Special Services&#8221;][vc_row_inner][vc_column_inner width=&#8221;1\/4&#8243;][vc_single_image image=&#8221;101515&#8243; img_size=&#8221;full&#8221; css=&#8221;&#8221;][vc_column_text css=&#8221;&#8221;]Anna Maria Cirimele, Bereichsleiterin Special Services[\/vc_column_text][\/vc_column_inner][vc_column_inner width=&#8221;1\/4&#8243;][\/vc_column_inner][vc_column_inner width=&#8221;1\/4&#8243;][\/vc_column_inner][vc_column_inner width=&#8221;1\/4&#8243;][\/vc_column_inner][\/vc_row_inner][\/dhsv_vc_accordion_item][dhsv_vc_accordion_item title=&#8221;Legal&#8221;][vc_row_inner][vc_column_inner width=&#8221;1\/4&#8243;][vc_single_image img_size=&#8221;full&#8221;][vc_column_text css=&#8221;&#8221;]Bj\u00f6rn Achtruth, Gesch\u00e4ftsbereichsleiter Recht, Compliance, Datenschutz, Versicherung, Schadenmanagement[\/vc_column_text][\/vc_column_inner][vc_column_inner width=&#8221;1\/4&#8243;][\/vc_column_inner][vc_column_inner width=&#8221;1\/4&#8243;][\/vc_column_inner][vc_column_inner width=&#8221;1\/4&#8243;][\/vc_column_inner][\/vc_row_inner][\/dhsv_vc_accordion_item][dhsv_vc_accordion_item title=&#8221;Operations&#8221;][vc_row_inner][vc_column_inner width=&#8221;1\/4&#8243;][vc_single_image img_size=&#8221;full&#8221; css=&#8221;&#8221;][vc_column_text css=&#8221;&#8221;]Nicky F\u00f6rster, Head of Regional Operations Managers[\/vc_column_text][\/vc_column_inner][vc_column_inner width=&#8221;1\/4&#8243;][vc_single_image img_size=&#8221;full&#8221;][vc_column_text css=&#8221;&#8221;]Dennis Domke, Regionalleiter S\u00fcdwest[\/vc_column_text][\/vc_column_inner][vc_column_inner width=&#8221;1\/4&#8243;][\/vc_column_inner][vc_column_inner width=&#8221;1\/4&#8243;][\/vc_column_inner][\/vc_row_inner][\/dhsv_vc_accordion_item][dhsv_vc_accordion_item title=&#8221;QM &amp; IT&#8221;][vc_row_inner][vc_column_inner width=&#8221;1\/4&#8243;][vc_single_image img_size=&#8221;full&#8221;][vc_column_text css=&#8221;&#8221;]Stefan Th\u00f6mmes, Gesch\u00e4ftsf\u00fchrer IT[\/vc_column_text][\/vc_column_inner][vc_column_inner width=&#8221;1\/4&#8243;][vc_single_image image=&#8221;20946&#8243; img_size=&#8221;full&#8221;][vc_column_text]Tamara Schulz, Leitung Qualit\u00e4tsmanagement[\/vc_column_text][\/vc_column_inner][vc_column_inner width=&#8221;1\/4&#8243;][\/vc_column_inner][vc_column_inner width=&#8221;1\/4&#8243;][\/vc_column_inner][\/vc_row_inner][\/dhsv_vc_accordion_item][dhsv_vc_accordion_item title=&#8221;Express&#8221;][vc_row_inner][vc_column_inner width=&#8221;1\/4&#8243;][vc_single_image image=&#8221;20942&#8243; img_size=&#8221;full&#8221;][vc_column_text]Till Luhn, Regionalleiter Vertriebsleiter Field Sales S\u00fcdwest[\/vc_column_text][\/vc_column_inner][vc_column_inner width=&#8221;1\/4&#8243;][vc_single_image image=&#8221;20938&#8243; img_size=&#8221;full&#8221;][vc_column_text]Adin Alagic, Regionaler Vertriebsleiter Field Sales West[\/vc_column_text][\/vc_column_inner][vc_column_inner width=&#8221;1\/4&#8243;][vc_single_image img_size=&#8221;full&#8221; css=&#8221;&#8221;][vc_column_text css=&#8221;&#8221;]Henrik Warsow, Head of Field Sales DE\/AT[\/vc_column_text][\/vc_column_inner][vc_column_inner width=&#8221;1\/4&#8243;][vc_single_image img_size=&#8221;full&#8221; css=&#8221;&#8221;][vc_column_text css=&#8221;&#8221;]Karia Latif, Regionale Vertriebsleiterin Nord[\/vc_column_text][\/vc_column_inner][\/vc_row_inner][\/dhsv_vc_accordion_item][\/dhsv_vc_accordion_container][vc_empty_space height=&#8221;100px&#8221; mobile_height=&#8221;30px&#8221; tablet_height=&#8221;60px&#8221;][\/vc_column][\/vc_row][vc_row disable_element=&#8221;yes&#8221; el_id=&#8221;ansprechpartnerinfost\u00e4nde&#8221;][vc_column][vc_row_inner][vc_column_inner][vc_column_text]<\/p>\n<h2 class=\"big\"><span style=\"color: #f27e00;\">Ansprechpartner Infost\u00e4nde<\/span><\/h2>\n<p>[\/vc_column_text][\/vc_column_inner][\/vc_row_inner][vc_empty_space height=&#8221;60px&#8221; mobile_height=&#8221;30px&#8221; tablet_height=&#8221;30px&#8221;][dhsv_vc_accordion_container][dhsv_vc_accordion_item title=&#8221;EURODIS&#8221;][vc_row_inner][vc_column_inner width=&#8221;1\/4&#8243;][vc_single_image image=&#8221;20936&#8243; img_size=&#8221;full&#8221;][vc_column_text]Jens Reibold, Gesch\u00e4ftsf\u00fchrer, EURODIS GmbH[\/vc_column_text][\/vc_column_inner][vc_column_inner width=&#8221;1\/4&#8243;][vc_single_image image=&#8221;20950&#8243; img_size=&#8221;full&#8221;][vc_column_text]Eva Dostalova, Partner Manager, EURODIS GmbH[\/vc_column_text][\/vc_column_inner][vc_column_inner width=&#8221;1\/4&#8243;][\/vc_column_inner][vc_column_inner width=&#8221;1\/4&#8243;][\/vc_column_inner][\/vc_row_inner][\/dhsv_vc_accordion_item][dhsv_vc_accordion_item title=&#8221;GEODIS&#8221;][vc_row_inner][vc_column_inner width=&#8221;1\/4&#8243;][vc_single_image image=&#8221;21000&#8243;][vc_column_text]Oliver Seroka, Key Account Manager Pharma &amp; Healthcare, GEODIS[\/vc_column_text][\/vc_column_inner][vc_column_inner width=&#8221;1\/4&#8243;][vc_single_image image=&#8221;20989&#8243; img_size=&#8221;full&#8221;][vc_column_text]Stefan Winckelmann, Director Vertical Market Pharma &amp; Healthcare, GEODIS[\/vc_column_text][\/vc_column_inner][vc_column_inner width=&#8221;1\/4&#8243;][\/vc_column_inner][vc_column_inner width=&#8221;1\/4&#8243;][\/vc_column_inner][\/vc_row_inner][\/dhsv_vc_accordion_item][dhsv_vc_accordion_item title=&#8221;Smart Container Loop&#8221;][vc_row_inner][vc_column_inner width=&#8221;1\/4&#8243;][vc_single_image image=&#8221;20952&#8243; img_size=&#8221;full&#8221;][vc_column_text]Justus Buchheister, Gesch\u00e4ftsf\u00fchrer, Smart Container Loop[\/vc_column_text][\/vc_column_inner][vc_column_inner width=&#8221;1\/4&#8243;][vc_single_image image=&#8221;20954&#8243; img_size=&#8221;full&#8221;][vc_column_text]Karia Latif, Regional Sales Manager North \/ Senior Account Managerin Mehrwegsystem[\/vc_column_text][\/vc_column_inner][vc_column_inner width=&#8221;1\/4&#8243;][\/vc_column_inner][vc_column_inner width=&#8221;1\/4&#8243;][\/vc_column_inner][\/vc_row_inner][\/dhsv_vc_accordion_item][\/dhsv_vc_accordion_container][vc_empty_space height=&#8221;100px&#8221; mobile_height=&#8221;30px&#8221; tablet_height=&#8221;60px&#8221;][\/vc_column][\/vc_row][vc_row disable_element=&#8221;yes&#8221; el_id=&#8221;location&#8221;][vc_column][vc_column_text]<\/p>\n<h2 class=\"big\"><span style=\"color: #f27e00;\"><strong>Informationen zur Location:<\/strong><\/span><\/h2>\n<p>[\/vc_column_text][vc_empty_space height=&#8221;60px&#8221; mobile_height=&#8221;30px&#8221; tablet_height=&#8221;30px&#8221;][\/vc_column][\/vc_row][vc_row disable_element=&#8221;yes&#8221;][vc_column width=&#8221;1\/4&#8243;][vc_single_image image=&#8221;20242&#8243; img_size=&#8221;medium&#8221;][\/vc_column][vc_column width=&#8221;3\/4&#8243;][vc_column_text]<\/p>\n<p class=\"big\">Alte Lokhalle<br \/>\nMombacher Stra\u00dfe 78-80<br \/>\n55122 Mainz<br \/>\n<a class=\"big\" title=\"Original URL: http:\/\/www.lokhalle-mainz.de\/ Click to follow link.\" href=\"https:\/\/eur03.safelinks.protection.outlook.com\/?url=http%3A%2F%2Fwww.lokhalle-mainz.de%2F&amp;data=05%7C02%7CAnita.Christmann%40tof.de%7C02471adc953640c08df008dc54a7bb0f%7Cfe841d8a244f41479ff6e7b0aa239ab2%7C0%7C0%7C638478326615740942%7CUnknown%7CTWFpbGZsb3d8eyJWIjoiMC4wLjAwMDAiLCJQIjoiV2luMzIiLCJBTiI6Ik1haWwiLCJXVCI6Mn0%3D%7C0%7C%7C%7C&amp;sdata=sBQynXPWGV76GulMrLCS83Cvf9mUrQjt5sm2nMMX4SE%3D&amp;reserved=0\" data-outlook-id=\"db76b08a-8fa4-4690-9c59-f74ee1629bd3\">www.lokhalle-mainz.de<\/a><\/p>\n<p>[\/vc_column_text][\/vc_column][\/vc_row][vc_row disable_element=&#8221;yes&#8221;][vc_column width=&#8221;1\/4&#8243;][vc_single_image image=&#8221;18618&#8243; img_size=&#8221;full&#8221; alignment=&#8221;center&#8221;][\/vc_column][vc_column width=&#8221;3\/4&#8243;][vc_column_text]<\/p>\n<h2>Mehrweg<\/h2>\n<div>\n<p class=\"big\"><strong><a href=\"https:\/\/www.trans-o-flex.com\/wp-content\/uploads\/trans-o-flex_Pharmatag_Infostand_SCL_20230921.pdf\" target=\"_blank\" rel=\"noopener\">Smart Container Loop GmbH &#8211; Ein Unternehmen der Schoeller Group &#8211; Gesch\u00e4ftspr\u00e4sentation<\/a><\/strong><\/p>\n<p class=\"big\">Leopold Schoeller, Gesch\u00e4ftsf\u00fchrender Gesellschafter, Smart Container Loop GmbH<br \/>\nJustus Buchheister, Gesch\u00e4ftsf\u00fchrer, Smart Container Loop GmbH<br \/>\nRaimondo Bentivegna,\u00a0Head of Sales, Smart Container Loop GmbH<\/p>\n<\/div>\n<p>[\/vc_column_text][\/vc_column][\/vc_row][vc_row][vc_column][vc_empty_space height=&#8221;60px&#8221; mobile_height=&#8221;30px&#8221; tablet_height=&#8221;30px&#8221;][dhsv_vc_template_element template_id=&#8221;20255&#8243;][\/vc_column][\/vc_row]<\/p>\n<\/div>","protected":false},"excerpt":{"rendered":"<p>[vc_row][vc_column][dhsv_vc_intro mobile_image=&#8221;101022&#8243; hio=&#8221;true&#8221; htac=&#8221;true&#8221; decoration=&#8221;true&#8221;][\/dhsv_vc_intro][dhsv_vc_page_anchors layout=&#8221;overlayed&#8221; anchors=&#8221;%5B%7B%22text%22%3A%22Programm%22%2C%22section_id%22%3A%22programm%22%7D%2C%7B%22text%22%3A%22Referenten%22%2C%22section_id%22%3A%22referenten%22%7D%5D&#8221;][vc_empty_space height=&#8221;100px&#8221; mobile_height=&#8221;60px&#8221; tablet_height=&#8221;60px&#8221;][vc_column_text css=&#8221;&#8221;] Willkommen zum 17. Tag der Pharmalogistik 2026 [\/vc_column_text][vc_empty_space height=&#8221;60px&#8221; mobile_height=&#8221;30px&#8221; tablet_height=&#8221;60px&#8221;][\/vc_column][\/vc_row][vc_row disable_element=&#8221;yes&#8221;][vc_column][vc_column_text css=&#8221;&#8221;] Wir freuen uns sehr, Sie auf der Tagung zu begr\u00fc\u00dfen. Dieser Tag bietet neben der M\u00f6glichkeit, zusammenzukommen, auch eine gute Gelegenheit, neue Kontakte zu kn\u00fcpfen und sich intensiv \u00fcber die aktuellen &hellip; <a href=\"https:\/\/www.trans-o-flex.com\/en\/17-pharmaceutical-logistics-day\/\">Continued<\/a><\/p>\n","protected":false},"author":7,"featured_media":108388,"parent":0,"menu_order":52,"comment_status":"closed","ping_status":"closed","template":"","meta":{"_acf_changed":false,"footnotes":""},"class_list":["post-108376","page","type-page","status-publish","has-post-thumbnail","hentry"],"acf":[],"yoast_head":"<!-- This site is optimized with the Yoast SEO Premium plugin v27.3 (Yoast SEO v27.3) - https:\/\/yoast.com\/product\/yoast-seo-premium-wordpress\/ -->\n<title>17. Pharmaceutical Logistics Day<\/title>\n<meta name=\"description\" content=\"Am Tag der Pharmalogistik pr\u00e4sentiert trans-o-flex seit 16 Jahren exklusiv seinen Kunden aktuelle Branchenthemen und Trends sowie Neuigkeiten u\u0308ber trans-o-flex.\" \/>\n<meta name=\"robots\" content=\"noindex, nofollow\" \/>\n<meta property=\"og:locale\" content=\"en_US\" \/>\n<meta property=\"og:type\" content=\"article\" \/>\n<meta property=\"og:title\" content=\"17. Pharmaceutical Logistics Day\" \/>\n<meta property=\"og:description\" content=\"Am Tag der Pharmalogistik pr\u00e4sentiert trans-o-flex seit 16 Jahren exklusiv seinen Kunden aktuelle Branchenthemen und Trends sowie Neuigkeiten u\u0308ber trans-o-flex.\" \/>\n<meta property=\"og:url\" content=\"https:\/\/www.trans-o-flex.com\/en\/17-pharmaceutical-logistics-day\/\" \/>\n<meta property=\"og:site_name\" content=\"trans-o-flex\" \/>\n<meta property=\"og:image\" content=\"https:\/\/www.trans-o-flex.com\/wp-content\/uploads\/trans-o-flex_17-Tag-der-Pharmalogistik-1600x511.jpg\" \/>\n\t<meta property=\"og:image:width\" content=\"1600\" \/>\n\t<meta property=\"og:image:height\" content=\"511\" \/>\n\t<meta property=\"og:image:type\" content=\"image\/jpeg\" \/>\n<meta name=\"twitter:card\" content=\"summary_large_image\" \/>\n<meta name=\"twitter:label1\" content=\"Est. reading time\" \/>\n\t<meta name=\"twitter:data1\" content=\"15 minutes\" \/>\n<!-- \/ Yoast SEO Premium plugin. -->","yoast_head_json":{"title":"17. Pharmaceutical Logistics Day","description":"Am Tag der Pharmalogistik pr\u00e4sentiert trans-o-flex seit 16 Jahren exklusiv seinen Kunden aktuelle Branchenthemen und Trends sowie Neuigkeiten u\u0308ber trans-o-flex.","robots":{"index":"noindex","follow":"nofollow"},"og_locale":"en_US","og_type":"article","og_title":"17. Pharmaceutical Logistics Day","og_description":"Am Tag der Pharmalogistik pr\u00e4sentiert trans-o-flex seit 16 Jahren exklusiv seinen Kunden aktuelle Branchenthemen und Trends sowie Neuigkeiten u\u0308ber trans-o-flex.","og_url":"https:\/\/www.trans-o-flex.com\/en\/17-pharmaceutical-logistics-day\/","og_site_name":"trans-o-flex","og_image":[{"width":1600,"height":511,"url":"https:\/\/www.trans-o-flex.com\/wp-content\/uploads\/trans-o-flex_17-Tag-der-Pharmalogistik-1600x511.jpg","type":"image\/jpeg"}],"twitter_card":"summary_large_image","twitter_misc":{"Est. reading time":"15 minutes"},"schema":{"@context":"https:\/\/schema.org","@graph":[{"@type":"WebPage","@id":"https:\/\/www.trans-o-flex.com\/en\/17-pharmaceutical-logistics-day\/","url":"https:\/\/www.trans-o-flex.com\/en\/17-pharmaceutical-logistics-day\/","name":"17. Pharmaceutical Logistics Day","isPartOf":{"@id":"https:\/\/www.trans-o-flex.com\/en\/#website"},"primaryImageOfPage":{"@id":"https:\/\/www.trans-o-flex.com\/en\/17-pharmaceutical-logistics-day\/#primaryimage"},"image":{"@id":"https:\/\/www.trans-o-flex.com\/en\/17-pharmaceutical-logistics-day\/#primaryimage"},"thumbnailUrl":"https:\/\/www.trans-o-flex.com\/wp-content\/uploads\/trans-o-flex_17-Tag-der-Pharmalogistik.jpg","datePublished":"2026-04-17T11:22:14+00:00","description":"Am Tag der Pharmalogistik pr\u00e4sentiert trans-o-flex seit 16 Jahren exklusiv seinen Kunden aktuelle Branchenthemen und Trends sowie Neuigkeiten u\u0308ber trans-o-flex.","breadcrumb":{"@id":"https:\/\/www.trans-o-flex.com\/en\/17-pharmaceutical-logistics-day\/#breadcrumb"},"inLanguage":"en-US","potentialAction":[{"@type":"ReadAction","target":["https:\/\/www.trans-o-flex.com\/en\/17-pharmaceutical-logistics-day\/"]}]},{"@type":"ImageObject","inLanguage":"en-US","@id":"https:\/\/www.trans-o-flex.com\/en\/17-pharmaceutical-logistics-day\/#primaryimage","url":"https:\/\/www.trans-o-flex.com\/wp-content\/uploads\/trans-o-flex_17-Tag-der-Pharmalogistik.jpg","contentUrl":"https:\/\/www.trans-o-flex.com\/wp-content\/uploads\/trans-o-flex_17-Tag-der-Pharmalogistik.jpg","width":4343,"height":1386},{"@type":"BreadcrumbList","@id":"https:\/\/www.trans-o-flex.com\/en\/17-pharmaceutical-logistics-day\/#breadcrumb","itemListElement":[{"@type":"ListItem","position":1,"name":"Home","item":"https:\/\/www.trans-o-flex.com\/en\/"},{"@type":"ListItem","position":2,"name":"17. Pharmaceutical Logistics Day"}]},{"@type":"WebSite","@id":"https:\/\/www.trans-o-flex.com\/en\/#website","url":"https:\/\/www.trans-o-flex.com\/en\/","name":"trans-o-flex","description":"trans-o-flex","publisher":{"@id":"https:\/\/www.trans-o-flex.com\/en\/#organization"},"potentialAction":[{"@type":"SearchAction","target":{"@type":"EntryPoint","urlTemplate":"https:\/\/www.trans-o-flex.com\/en\/?s={search_term_string}"},"query-input":{"@type":"PropertyValueSpecification","valueRequired":true,"valueName":"search_term_string"}}],"inLanguage":"en-US"},{"@type":["Organization","Place"],"@id":"https:\/\/www.trans-o-flex.com\/en\/#organization","name":"trans-o-flex Express GmbH & Co KGaA","url":"https:\/\/www.trans-o-flex.com\/en\/","logo":{"@id":"https:\/\/www.trans-o-flex.com\/en\/17-pharmaceutical-logistics-day\/#local-main-organization-logo"},"image":{"@id":"https:\/\/www.trans-o-flex.com\/en\/17-pharmaceutical-logistics-day\/#local-main-organization-logo"},"sameAs":["https:\/\/www.instagram.com\/transoflex\/","https:\/\/www.linkedin.com\/company\/trans-o-flex-weinheim","https:\/\/www.youtube.com\/user\/yttransoflex","https:\/\/de.wikipedia.org\/wiki\/trans-o-flex_Express","https:\/\/www.xing.com\/pages\/transoflex"],"telephone":[],"openingHoursSpecification":[{"@type":"OpeningHoursSpecification","dayOfWeek":["Monday","Tuesday","Wednesday","Thursday","Friday","Saturday","Sunday"],"opens":"09:00","closes":"17:00"}]},{"@type":"ImageObject","inLanguage":"en-US","@id":"https:\/\/www.trans-o-flex.com\/en\/17-pharmaceutical-logistics-day\/#local-main-organization-logo","url":"https:\/\/www.trans-o-flex.com\/wp-content\/uploads\/trans-o-flex_logo.png","contentUrl":"https:\/\/www.trans-o-flex.com\/wp-content\/uploads\/trans-o-flex_logo.png","width":567,"height":89,"caption":"trans-o-flex Express GmbH & Co KGaA"}]}},"_links":{"self":[{"href":"https:\/\/www.trans-o-flex.com\/en\/wp-json\/wp\/v2\/pages\/108376","targetHints":{"allow":["GET"]}}],"collection":[{"href":"https:\/\/www.trans-o-flex.com\/en\/wp-json\/wp\/v2\/pages"}],"about":[{"href":"https:\/\/www.trans-o-flex.com\/en\/wp-json\/wp\/v2\/types\/page"}],"author":[{"embeddable":true,"href":"https:\/\/www.trans-o-flex.com\/en\/wp-json\/wp\/v2\/users\/7"}],"replies":[{"embeddable":true,"href":"https:\/\/www.trans-o-flex.com\/en\/wp-json\/wp\/v2\/comments?post=108376"}],"version-history":[{"count":4,"href":"https:\/\/www.trans-o-flex.com\/en\/wp-json\/wp\/v2\/pages\/108376\/revisions"}],"predecessor-version":[{"id":108402,"href":"https:\/\/www.trans-o-flex.com\/en\/wp-json\/wp\/v2\/pages\/108376\/revisions\/108402"}],"wp:featuredmedia":[{"embeddable":true,"href":"https:\/\/www.trans-o-flex.com\/en\/wp-json\/wp\/v2\/media\/108388"}],"wp:attachment":[{"href":"https:\/\/www.trans-o-flex.com\/en\/wp-json\/wp\/v2\/media?parent=108376"}],"curies":[{"name":"wp","href":"https:\/\/api.w.org\/{rel}","templated":true}]}}